{"id":250,"date":"2022-10-13T12:08:12","date_gmt":"2022-10-13T10:08:12","guid":{"rendered":"https:\/\/equivabien.fr\/?page_id=250"},"modified":"2022-10-13T14:25:54","modified_gmt":"2022-10-13T12:25:54","slug":"concernant-les-toutous","status":"publish","type":"page","link":"https:\/\/equivabien.fr\/?page_id=250","title":{"rendered":"Concernant&#8230;"},"content":{"rendered":"\n<p>Je vous partage ici ce qui m&rsquo;a aid\u00e9 et inspir\u00e9 pour prendre soin des relations avec les animaux qui partagent ma vie. Il ne s&rsquo;agit que de ma v\u00e9rit\u00e9 du moment. Je vous laisse piocher dedans en fonction de vos envies et de vos besoins.<\/p>\n\n\n\n<p>&#8230; <strong>les chiens<\/strong> :<\/p>\n\n\n\n<figure class=\"wp-block-image size-full\"><img loading=\"lazy\" width=\"800\" height=\"350\" src=\"https:\/\/equivabien.fr\/wp-content\/uploads\/2022\/10\/Heden.png\" alt=\"\" class=\"wp-image-268\" srcset=\"https:\/\/equivabien.fr\/wp-content\/uploads\/2022\/10\/Heden.png 800w, https:\/\/equivabien.fr\/wp-content\/uploads\/2022\/10\/Heden-300x131.png 300w, https:\/\/equivabien.fr\/wp-content\/uploads\/2022\/10\/Heden-768x336.png 768w\" sizes=\"(max-width: 800px) 100vw, 800px\" \/><\/figure>\n\n\n\n<p>J&rsquo;ai suivi la formation Audreco d&rsquo;\u00e9ducateur canin et j&rsquo;ai lu le livre \u00ab\u00a0Manuel de l&rsquo;\u00e9ducateur canin\u00a0\u00bb de Michel GEORGEL, j&rsquo;ai particuli\u00e8rement appr\u00e9ci\u00e9 la notion d&rsquo;\u00e9ducation r\u00e9ciproque et aussi une vision de l&rsquo;\u00e9volution du chien avec son pass\u00e9 de loup qui me semble plus pertinente que celle commun\u00e9ment pr\u00e9sent\u00e9e.<br>Pour moi, il y a un partenariat qui s&rsquo;est cr\u00e9\u00e9 au fil du temps entre l&rsquo;homme et le chien avec une volont\u00e9 commune de faire alliance.<br>Je trouve que les livres \u00ab\u00a0Chaser\u00a0\u00bb de John W.PILLEY et \u00ab\u00a0Chien de lumi\u00e8re\u00a0\u00bb de Nadine PARENT sont de magnifiques t\u00e9moignages de cette belle compl\u00e9mentarit\u00e9.<\/p>\n\n\n\n<p><strong>&#8230; les chats :<\/strong><\/p>\n\n\n\n<figure class=\"wp-block-image size-full\"><img loading=\"lazy\" width=\"800\" height=\"374\" src=\"https:\/\/equivabien.fr\/wp-content\/uploads\/2022\/10\/Nini-1.jpg\" alt=\"\" class=\"wp-image-269\" srcset=\"https:\/\/equivabien.fr\/wp-content\/uploads\/2022\/10\/Nini-1.jpg 800w, https:\/\/equivabien.fr\/wp-content\/uploads\/2022\/10\/Nini-1-300x140.jpg 300w, https:\/\/equivabien.fr\/wp-content\/uploads\/2022\/10\/Nini-1-768x359.jpg 768w\" sizes=\"(max-width: 800px) 100vw, 800px\" \/><\/figure>\n\n\n\n<p>Je trouve que la relation est davantage d&rsquo;\u00e9gal \u00e0 \u00e9gal. Je pense que l&rsquo;entr\u00e9e des chats dans la vie et la maison des hommes s&rsquo;est \u00e9galement fait d&rsquo;un commun accord et avec des b\u00e9n\u00e9fices r\u00e9ciproques.<br>J&rsquo;ai lu plusieurs livres sur les chats, ceux qui me semblent les plus parlants au niveau de cette relation particuli\u00e8re que l&rsquo;on d\u00e9veloppe avec eux sont ceux qui partagent les bienfaits de la pr\u00e9sence des chats pour des enfants autistes comme \u00ab\u00a0Iris Grace\u00a0\u00bb d&rsquo;Arabella CARTER-JOHNSON et \u00ab\u00a0Gr\u00e2ce \u00e0 l&rsquo;amour d&rsquo;un chat\u00a0\u00bb de Louise BOOTH.<\/p>\n\n\n\n<p><strong>&#8230; les chevaux :<\/strong><\/p>\n\n\n\n<figure class=\"wp-block-image size-full\"><img loading=\"lazy\" width=\"800\" height=\"368\" src=\"https:\/\/equivabien.fr\/wp-content\/uploads\/2022\/10\/Loulous.jpg\" alt=\"\" class=\"wp-image-271\" srcset=\"https:\/\/equivabien.fr\/wp-content\/uploads\/2022\/10\/Loulous.jpg 800w, https:\/\/equivabien.fr\/wp-content\/uploads\/2022\/10\/Loulous-300x138.jpg 300w, https:\/\/equivabien.fr\/wp-content\/uploads\/2022\/10\/Loulous-768x353.jpg 768w\" sizes=\"(max-width: 800px) 100vw, 800px\" \/><\/figure>\n\n\n\n<p>J&rsquo;ai longtemps chemin\u00e9 et j&rsquo;ai test\u00e9 diff\u00e9rentes approches avant de trouver celle qui me parle le plus aujourd&rsquo;hui. Il s&rsquo;agit de celle d&rsquo;Arlette AGASSIS avec son acad\u00e9mie AKITA.<br>Je les vois \u00e9galement comme des partenaires qui ont choisi d&rsquo;int\u00e9grer la vie de l&rsquo;homme. Je trouve que l&rsquo;on a tout int\u00e9r\u00eat \u00e0 les respecter, \u00e0 prendre soin de leur bien-\u00eatre et de notre relation avec eux.<br>J&rsquo;ai appr\u00e9ci\u00e9 les livres de Linda KOHANOV et ceux de Klaus HEMPFLING et tant d&rsquo;autres, dont : \u00ab\u00a0Au d\u00e9tour du Caucase\u00a0\u00bb de Clara ARNAUD et \u00ab\u00a0Ce que nous disent les chevaux\u00a0\u00bb d&rsquo;Isabelle POUYSEGUR.<\/p>\n\n\n\n<p><strong>&#8230; les poules<\/strong><\/p>\n\n\n\n<figure class=\"wp-block-image size-full\"><img loading=\"lazy\" width=\"800\" height=\"443\" src=\"https:\/\/equivabien.fr\/wp-content\/uploads\/2022\/10\/Gallinaces.png\" alt=\"\" class=\"wp-image-272\" srcset=\"https:\/\/equivabien.fr\/wp-content\/uploads\/2022\/10\/Gallinaces.png 800w, https:\/\/equivabien.fr\/wp-content\/uploads\/2022\/10\/Gallinaces-300x166.png 300w, https:\/\/equivabien.fr\/wp-content\/uploads\/2022\/10\/Gallinaces-768x425.png 768w\" sizes=\"(max-width: 800px) 100vw, 800px\" \/><\/figure>\n\n\n\n<p>Lorsque j&rsquo;ai pris mes premi\u00e8re poules, je pensais na\u00efvement que ce serait plus simple de m&rsquo;occuper d&rsquo;elles que des chiens ou des chats par exemple. Mais \u00e0 partir du moment o\u00f9 on n&rsquo;a pas pour seul objectif de r\u00e9cup\u00e9rer leurs oeufs et que l&rsquo;on a envie de faire en sorte qu&rsquo;elles vivent bien, il y a de nombreux param\u00e8tres \u00e0 prendre en compte, \u00e0 d\u00e9couvrir et \u00e0 exp\u00e9rimenter.<br>Sur ce chemin, les informations et l&rsquo;aide de l&rsquo;association SOS GALLINACES m&rsquo;a beaucoup servi.<br>Il y a aussi les deux beaux livres : \u00ab\u00a0Tout pour ma poule\u00a0\u00bb d&rsquo;Elise ROUSSEAU et \u00ab\u00a0Parlez vous poule ?\u00a0\u00bb de Melissa CAUGHEY.<\/p>\n","protected":false},"excerpt":{"rendered":"<p>Je vous partage ici ce qui m&rsquo;a aid\u00e9 et inspir\u00e9 pour prendre soin des relations avec les animaux qui partagent ma vie. Il ne s&rsquo;agit que de ma v\u00e9rit\u00e9 du moment. Je vous laisse piocher dedans en fonction de vos envies et de vos besoins. &#8230; les chiens : J&rsquo;ai suivi la formation Audreco d&rsquo;\u00e9ducateur [&hellip;]<\/p>\n","protected":false},"author":1,"featured_media":0,"parent":0,"menu_order":0,"comment_status":"closed","ping_status":"closed","template":"","meta":[],"_links":{"self":[{"href":"https:\/\/equivabien.fr\/index.php?rest_route=\/wp\/v2\/pages\/250"}],"collection":[{"href":"https:\/\/equivabien.fr\/index.php?rest_route=\/wp\/v2\/pages"}],"about":[{"href":"https:\/\/equivabien.fr\/index.php?rest_route=\/wp\/v2\/types\/page"}],"author":[{"embeddable":true,"href":"https:\/\/equivabien.fr\/index.php?rest_route=\/wp\/v2\/users\/1"}],"replies":[{"embeddable":true,"href":"https:\/\/equivabien.fr\/index.php?rest_route=%2Fwp%2Fv2%2Fcomments&post=250"}],"version-history":[{"count":6,"href":"https:\/\/equivabien.fr\/index.php?rest_route=\/wp\/v2\/pages\/250\/revisions"}],"predecessor-version":[{"id":275,"href":"https:\/\/equivabien.fr\/index.php?rest_route=\/wp\/v2\/pages\/250\/revisions\/275"}],"wp:attachment":[{"href":"https:\/\/equivabien.fr\/index.php?rest_route=%2Fwp%2Fv2%2Fmedia&parent=250"}],"curies":[{"name":"wp","href":"https:\/\/api.w.org\/{rel}","templated":true}]}}